{"id":45,"date":"2020-03-03T15:53:06","date_gmt":"2020-03-03T15:53:06","guid":{"rendered":"http:\/\/naturalmentecaceres.com\/?page_id=45"},"modified":"2021-07-26T09:22:05","modified_gmt":"2021-07-26T09:22:05","slug":"acerca-de","status":"publish","type":"page","link":"http:\/\/naturalmentecaceres.com\/index.php\/acerca-de","title":{"rendered":"Quienes somos"},"content":{"rendered":"\n<p><strong>Somos una empresa de servicios ambientales presente en todo el territorio nacional, englobada dentro del grupo Clece.<\/strong><\/p>\n\n\n\n<p>A nivel nacional, contamos con un equipo multidisciplinar de m\u00e1s de 1.500 trabajadores lo que nos permite abordar un extenso rango de proyectos de manera integral, desde su concepci\u00f3n, dise\u00f1o, comunicaci\u00f3n, implantaci\u00f3n y evaluaci\u00f3n.<\/p>\n\n\n\n<p>En C\u00e1ceres gestionamos el servicio de parques y jardines, adem\u00e1s del proyecto de educaci\u00f3n ambiental de la ciudad.   <\/p>\n\n\n\n<p> Ofrecemos una atenci\u00f3n personalizada, analizamos las necesidades concretas y dise\u00f1amos una estrategia adecuada y espec\u00edfica para cada cliente, con un contacto continuo y cercano, para alcanzar altos est\u00e1ndares de calidad. <\/p>\n","protected":false},"excerpt":{"rendered":"<p>Somos una empresa de servicios ambientales presente en todo el territorio nacional, englobada dentro del grupo Clece. A nivel nacional, contamos con un equipo multidisciplinar de m\u00e1s de 1.500 trabajadores lo que nos permite abordar un extenso rango de proyectos de manera integral, desde su concepci\u00f3n, dise\u00f1o, comunicaci\u00f3n, implantaci\u00f3n y evaluaci\u00f3n. En C\u00e1ceres gestionamos el servicio de parques y jardines, adem\u00e1s del proyecto de educaci\u00f3n ambiental de la ciudad. Ofrecemos una atenci\u00f3n personalizada, analizamos las necesidades concretas y dise\u00f1amos una&#8230;<\/p>\n<p class=\"read-more\"><a class=\"btn btn-default\" href=\"http:\/\/naturalmentecaceres.com\/index.php\/acerca-de\"> Leer m\u00e1s<span class=\"screen-reader-text\">  Leer m\u00e1s<\/span><\/a><\/p>\n","protected":false},"author":1,"featured_media":671,"parent":0,"menu_order":0,"comment_status":"closed","ping_status":"closed","template":"","meta":{"footnotes":""},"class_list":["post-45","page","type-page","status-publish","has-post-thumbnail","hentry"],"yoast_head":"<!-- This site is optimized with the Yoast SEO plugin v27.5 - https:\/\/yoast.com\/product\/yoast-seo-wordpress\/ -->\r\n<title>Quienes somos - NATURALMENTE C\u00c1CERES<\/title>\r\n<meta name=\"robots\" content=\"index, follow, max-snippet:-1, max-image-preview:large, max-video-preview:-1\" \/>\r\n<link rel=\"canonical\" href=\"http:\/\/naturalmentecaceres.com\/index.php\/acerca-de\" \/>\r\n<meta property=\"og:locale\" content=\"es_ES\" \/>\r\n<meta property=\"og:type\" content=\"article\" \/>\r\n<meta property=\"og:title\" content=\"Quienes somos - NATURALMENTE C\u00c1CERES\" \/>\r\n<meta property=\"og:description\" content=\"Somos una empresa de servicios ambientales presente en todo el territorio nacional, englobada dentro del grupo Clece. A nivel nacional, contamos con un equipo multidisciplinar de m\u00e1s de 1.500 trabajadores lo que nos permite abordar un extenso rango de proyectos de manera integral, desde su concepci\u00f3n, dise\u00f1o, comunicaci\u00f3n, implantaci\u00f3n y evaluaci\u00f3n. En C\u00e1ceres gestionamos el servicio de parques y jardines, adem\u00e1s del proyecto de educaci\u00f3n ambiental de la ciudad. Ofrecemos una atenci\u00f3n personalizada, analizamos las necesidades concretas y dise\u00f1amos una... Leer m\u00e1s Leer m\u00e1s\" \/>\r\n<meta property=\"og:url\" content=\"http:\/\/naturalmentecaceres.com\/index.php\/acerca-de\" \/>\r\n<meta property=\"og:site_name\" content=\"NATURALMENTE C\u00c1CERES\" \/>\r\n<meta property=\"article:modified_time\" content=\"2021-07-26T09:22:05+00:00\" \/>\r\n<meta property=\"og:image\" content=\"http:\/\/naturalmentecaceres.com\/wp-content\/uploads\/2021\/07\/Logo-Talher.jpg\" \/>\r\n\t<meta property=\"og:image:width\" content=\"400\" \/>\r\n\t<meta property=\"og:image:height\" content=\"400\" \/>\r\n\t<meta property=\"og:image:type\" content=\"image\/jpeg\" \/>\r\n<meta name=\"twitter:card\" content=\"summary_large_image\" \/>\r\n<meta name=\"twitter:site\" content=\"@naturalmentecc\" \/>\r\n<meta name=\"twitter:label1\" content=\"Tiempo de lectura\" \/>\n\t<meta name=\"twitter:data1\" content=\"1 minuto\" \/>\r\n<script type=\"application\/ld+json\" class=\"yoast-schema-graph\">{\"@context\":\"https:\\\/\\\/schema.org\",\"@graph\":[{\"@type\":\"WebPage\",\"@id\":\"http:\\\/\\\/naturalmentecaceres.com\\\/index.php\\\/acerca-de\",\"url\":\"http:\\\/\\\/naturalmentecaceres.com\\\/index.php\\\/acerca-de\",\"name\":\"Quienes somos - NATURALMENTE C\u00c1CERES\",\"isPartOf\":{\"@id\":\"http:\\\/\\\/naturalmentecaceres.com\\\/#website\"},\"primaryImageOfPage\":{\"@id\":\"http:\\\/\\\/naturalmentecaceres.com\\\/index.php\\\/acerca-de#primaryimage\"},\"image\":{\"@id\":\"http:\\\/\\\/naturalmentecaceres.com\\\/index.php\\\/acerca-de#primaryimage\"},\"thumbnailUrl\":\"http:\\\/\\\/naturalmentecaceres.com\\\/wp-content\\\/uploads\\\/2021\\\/07\\\/Logo-Talher.jpg\",\"datePublished\":\"2020-03-03T15:53:06+00:00\",\"dateModified\":\"2021-07-26T09:22:05+00:00\",\"breadcrumb\":{\"@id\":\"http:\\\/\\\/naturalmentecaceres.com\\\/index.php\\\/acerca-de#breadcrumb\"},\"inLanguage\":\"es\",\"potentialAction\":[{\"@type\":\"ReadAction\",\"target\":[\"http:\\\/\\\/naturalmentecaceres.com\\\/index.php\\\/acerca-de\"]}]},{\"@type\":\"ImageObject\",\"inLanguage\":\"es\",\"@id\":\"http:\\\/\\\/naturalmentecaceres.com\\\/index.php\\\/acerca-de#primaryimage\",\"url\":\"http:\\\/\\\/naturalmentecaceres.com\\\/wp-content\\\/uploads\\\/2021\\\/07\\\/Logo-Talher.jpg\",\"contentUrl\":\"http:\\\/\\\/naturalmentecaceres.com\\\/wp-content\\\/uploads\\\/2021\\\/07\\\/Logo-Talher.jpg\",\"width\":400,\"height\":400},{\"@type\":\"BreadcrumbList\",\"@id\":\"http:\\\/\\\/naturalmentecaceres.com\\\/index.php\\\/acerca-de#breadcrumb\",\"itemListElement\":[{\"@type\":\"ListItem\",\"position\":1,\"name\":\"Portada\",\"item\":\"http:\\\/\\\/naturalmentecaceres.com\\\/\"},{\"@type\":\"ListItem\",\"position\":2,\"name\":\"Quienes somos\"}]},{\"@type\":\"WebSite\",\"@id\":\"http:\\\/\\\/naturalmentecaceres.com\\\/#website\",\"url\":\"http:\\\/\\\/naturalmentecaceres.com\\\/\",\"name\":\"NATURALMENTE C\u00c1CERES\",\"description\":\"Web del proyecto de educaci\u00f3n ambiental gestionado por Talher en C\u00e1ceres\",\"publisher\":{\"@id\":\"http:\\\/\\\/naturalmentecaceres.com\\\/#organization\"},\"potentialAction\":[{\"@type\":\"SearchAction\",\"target\":{\"@type\":\"EntryPoint\",\"urlTemplate\":\"http:\\\/\\\/naturalmentecaceres.com\\\/?s={search_term_string}\"},\"query-input\":{\"@type\":\"PropertyValueSpecification\",\"valueRequired\":true,\"valueName\":\"search_term_string\"}}],\"inLanguage\":\"es\"},{\"@type\":\"Organization\",\"@id\":\"http:\\\/\\\/naturalmentecaceres.com\\\/#organization\",\"name\":\"NATURALMENTE C\u00c1CERES\",\"url\":\"http:\\\/\\\/naturalmentecaceres.com\\\/\",\"logo\":{\"@type\":\"ImageObject\",\"inLanguage\":\"es\",\"@id\":\"http:\\\/\\\/naturalmentecaceres.com\\\/#\\\/schema\\\/logo\\\/image\\\/\",\"url\":\"http:\\\/\\\/naturalmentecaceres.com\\\/wp-content\\\/uploads\\\/2023\\\/02\\\/naturalmente.jpg\",\"contentUrl\":\"http:\\\/\\\/naturalmentecaceres.com\\\/wp-content\\\/uploads\\\/2023\\\/02\\\/naturalmente.jpg\",\"width\":1300,\"height\":1237,\"caption\":\"NATURALMENTE C\u00c1CERES\"},\"image\":{\"@id\":\"http:\\\/\\\/naturalmentecaceres.com\\\/#\\\/schema\\\/logo\\\/image\\\/\"},\"sameAs\":[\"https:\\\/\\\/x.com\\\/naturalmentecc\",\"https:\\\/\\\/www.instagram.com\\\/naturalmentecaceres\\\/\"]}]}<\/script>\r\n<!-- \/ Yoast SEO plugin. -->","yoast_head_json":{"title":"Quienes somos - NATURALMENTE C\u00c1CERES","robots":{"index":"index","follow":"follow","max-snippet":"max-snippet:-1","max-image-preview":"max-image-preview:large","max-video-preview":"max-video-preview:-1"},"canonical":"http:\/\/naturalmentecaceres.com\/index.php\/acerca-de","og_locale":"es_ES","og_type":"article","og_title":"Quienes somos - NATURALMENTE C\u00c1CERES","og_description":"Somos una empresa de servicios ambientales presente en todo el territorio nacional, englobada dentro del grupo Clece. A nivel nacional, contamos con un equipo multidisciplinar de m\u00e1s de 1.500 trabajadores lo que nos permite abordar un extenso rango de proyectos de manera integral, desde su concepci\u00f3n, dise\u00f1o, comunicaci\u00f3n, implantaci\u00f3n y evaluaci\u00f3n. En C\u00e1ceres gestionamos el servicio de parques y jardines, adem\u00e1s del proyecto de educaci\u00f3n ambiental de la ciudad. Ofrecemos una atenci\u00f3n personalizada, analizamos las necesidades concretas y dise\u00f1amos una... Leer m\u00e1s Leer m\u00e1s","og_url":"http:\/\/naturalmentecaceres.com\/index.php\/acerca-de","og_site_name":"NATURALMENTE C\u00c1CERES","article_modified_time":"2021-07-26T09:22:05+00:00","og_image":[{"width":400,"height":400,"url":"http:\/\/naturalmentecaceres.com\/wp-content\/uploads\/2021\/07\/Logo-Talher.jpg","type":"image\/jpeg"}],"twitter_card":"summary_large_image","twitter_site":"@naturalmentecc","twitter_misc":{"Tiempo de lectura":"1 minuto"},"schema":{"@context":"https:\/\/schema.org","@graph":[{"@type":"WebPage","@id":"http:\/\/naturalmentecaceres.com\/index.php\/acerca-de","url":"http:\/\/naturalmentecaceres.com\/index.php\/acerca-de","name":"Quienes somos - NATURALMENTE C\u00c1CERES","isPartOf":{"@id":"http:\/\/naturalmentecaceres.com\/#website"},"primaryImageOfPage":{"@id":"http:\/\/naturalmentecaceres.com\/index.php\/acerca-de#primaryimage"},"image":{"@id":"http:\/\/naturalmentecaceres.com\/index.php\/acerca-de#primaryimage"},"thumbnailUrl":"http:\/\/naturalmentecaceres.com\/wp-content\/uploads\/2021\/07\/Logo-Talher.jpg","datePublished":"2020-03-03T15:53:06+00:00","dateModified":"2021-07-26T09:22:05+00:00","breadcrumb":{"@id":"http:\/\/naturalmentecaceres.com\/index.php\/acerca-de#breadcrumb"},"inLanguage":"es","potentialAction":[{"@type":"ReadAction","target":["http:\/\/naturalmentecaceres.com\/index.php\/acerca-de"]}]},{"@type":"ImageObject","inLanguage":"es","@id":"http:\/\/naturalmentecaceres.com\/index.php\/acerca-de#primaryimage","url":"http:\/\/naturalmentecaceres.com\/wp-content\/uploads\/2021\/07\/Logo-Talher.jpg","contentUrl":"http:\/\/naturalmentecaceres.com\/wp-content\/uploads\/2021\/07\/Logo-Talher.jpg","width":400,"height":400},{"@type":"BreadcrumbList","@id":"http:\/\/naturalmentecaceres.com\/index.php\/acerca-de#breadcrumb","itemListElement":[{"@type":"ListItem","position":1,"name":"Portada","item":"http:\/\/naturalmentecaceres.com\/"},{"@type":"ListItem","position":2,"name":"Quienes somos"}]},{"@type":"WebSite","@id":"http:\/\/naturalmentecaceres.com\/#website","url":"http:\/\/naturalmentecaceres.com\/","name":"NATURALMENTE C\u00c1CERES","description":"Web del proyecto de educaci\u00f3n ambiental gestionado por Talher en C\u00e1ceres","publisher":{"@id":"http:\/\/naturalmentecaceres.com\/#organization"},"potentialAction":[{"@type":"SearchAction","target":{"@type":"EntryPoint","urlTemplate":"http:\/\/naturalmentecaceres.com\/?s={search_term_string}"},"query-input":{"@type":"PropertyValueSpecification","valueRequired":true,"valueName":"search_term_string"}}],"inLanguage":"es"},{"@type":"Organization","@id":"http:\/\/naturalmentecaceres.com\/#organization","name":"NATURALMENTE C\u00c1CERES","url":"http:\/\/naturalmentecaceres.com\/","logo":{"@type":"ImageObject","inLanguage":"es","@id":"http:\/\/naturalmentecaceres.com\/#\/schema\/logo\/image\/","url":"http:\/\/naturalmentecaceres.com\/wp-content\/uploads\/2023\/02\/naturalmente.jpg","contentUrl":"http:\/\/naturalmentecaceres.com\/wp-content\/uploads\/2023\/02\/naturalmente.jpg","width":1300,"height":1237,"caption":"NATURALMENTE C\u00c1CERES"},"image":{"@id":"http:\/\/naturalmentecaceres.com\/#\/schema\/logo\/image\/"},"sameAs":["https:\/\/x.com\/naturalmentecc","https:\/\/www.instagram.com\/naturalmentecaceres\/"]}]}},"_links":{"self":[{"href":"http:\/\/naturalmentecaceres.com\/index.php\/wp-json\/wp\/v2\/pages\/45","targetHints":{"allow":["GET"]}}],"collection":[{"href":"http:\/\/naturalmentecaceres.com\/index.php\/wp-json\/wp\/v2\/pages"}],"about":[{"href":"http:\/\/naturalmentecaceres.com\/index.php\/wp-json\/wp\/v2\/types\/page"}],"author":[{"embeddable":true,"href":"http:\/\/naturalmentecaceres.com\/index.php\/wp-json\/wp\/v2\/users\/1"}],"replies":[{"embeddable":true,"href":"http:\/\/naturalmentecaceres.com\/index.php\/wp-json\/wp\/v2\/comments?post=45"}],"version-history":[{"count":2,"href":"http:\/\/naturalmentecaceres.com\/index.php\/wp-json\/wp\/v2\/pages\/45\/revisions"}],"predecessor-version":[{"id":675,"href":"http:\/\/naturalmentecaceres.com\/index.php\/wp-json\/wp\/v2\/pages\/45\/revisions\/675"}],"wp:featuredmedia":[{"embeddable":true,"href":"http:\/\/naturalmentecaceres.com\/index.php\/wp-json\/wp\/v2\/media\/671"}],"wp:attachment":[{"href":"http:\/\/naturalmentecaceres.com\/index.php\/wp-json\/wp\/v2\/media?parent=45"}],"curies":[{"name":"wp","href":"https:\/\/api.w.org\/{rel}","templated":true}]}}