{"version":"1.0","provider_name":"NATURALMENTE C\u00c1CERES","provider_url":"http:\/\/naturalmentecaceres.com","author_name":"Talher","author_url":"http:\/\/naturalmentecaceres.com\/index.php\/archivos\/author\/talher","title":"Parques y jardines de C\u00e1ceres: \u00bfC\u00f3mo se trata el c\u00e9sped de manera ecol\u00f3gica? - NATURALMENTE C\u00c1CERES","type":"rich","width":600,"height":338,"html":"<blockquote class=\"wp-embedded-content\" data-secret=\"0EfRaK8HKD\"><a href=\"http:\/\/naturalmentecaceres.com\/index.php\/archivos\/778\">Parques y jardines de C\u00e1ceres: \u00bfC\u00f3mo se trata el c\u00e9sped de manera ecol\u00f3gica?<\/a><\/blockquote><iframe sandbox=\"allow-scripts\" security=\"restricted\" src=\"http:\/\/naturalmentecaceres.com\/index.php\/archivos\/778\/embed#?secret=0EfRaK8HKD\" width=\"600\" height=\"338\" title=\"\u00abParques y jardines de C\u00e1ceres: \u00bfC\u00f3mo se trata el c\u00e9sped de manera ecol\u00f3gica?\u00bb \u2014 NATURALMENTE C\u00c1CERES\" data-secret=\"0EfRaK8HKD\" frameborder=\"0\" marginwidth=\"0\" marginheight=\"0\" scrolling=\"no\" class=\"wp-embedded-content\"><\/iframe><script type=\"text\/javascript\">\n\/* <![CDATA[ *\/\n\/*! This file is auto-generated *\/\n!function(d,l){\"use strict\";l.querySelector&&d.addEventListener&&\"undefined\"!=typeof URL&&(d.wp=d.wp||{},d.wp.receiveEmbedMessage||(d.wp.receiveEmbedMessage=function(e){var t=e.data;if((t||t.secret||t.message||t.value)&&!\/[^a-zA-Z0-9]\/.test(t.secret)){for(var s,r,n,a=l.querySelectorAll('iframe[data-secret=\"'+t.secret+'\"]'),o=l.querySelectorAll('blockquote[data-secret=\"'+t.secret+'\"]'),c=new RegExp(\"^https?:$\",\"i\"),i=0;i<o.length;i++)o[i].style.display=\"none\";for(i=0;i<a.length;i++)s=a[i],e.source===s.contentWindow&&(s.removeAttribute(\"style\"),\"height\"===t.message?(1e3<(r=parseInt(t.value,10))?r=1e3:~~r<200&&(r=200),s.height=r):\"link\"===t.message&&(r=new URL(s.getAttribute(\"src\")),n=new URL(t.value),c.test(n.protocol))&&n.host===r.host&&l.activeElement===s&&(d.top.location.href=t.value))}},d.addEventListener(\"message\",d.wp.receiveEmbedMessage,!1),l.addEventListener(\"DOMContentLoaded\",function(){for(var e,t,s=l.querySelectorAll(\"iframe.wp-embedded-content\"),r=0;r<s.length;r++)(t=(e=s[r]).getAttribute(\"data-secret\"))||(t=Math.random().toString(36).substring(2,12),e.src+=\"#?secret=\"+t,e.setAttribute(\"data-secret\",t)),e.contentWindow.postMessage({message:\"ready\",secret:t},\"*\")},!1)))}(window,document);\n\/\/# sourceURL=http:\/\/naturalmentecaceres.com\/wp-includes\/js\/wp-embed.min.js\n\/* ]]> *\/\n<\/script>\n","description":"Si das un paseo por los parques y jardines de C\u00e1ceres, podr\u00e1s ver algo en com\u00fan: el c\u00e9sped. Mantenerlo en buen estado no es tarea f\u00e1cil y mucho m\u00e1s si pensamos en las much\u00edsimas zonas p\u00fablicas y particulares donde est\u00e1. \u00bfSab\u00edas que C\u00e1ceres tiene 397.000 m2 de nuestro amigo verde? Esto supone mucho mantenimiento, especialmente su siega. Pero, \u00bfc\u00f3mo Talher mantiene el c\u00e9sped de C\u00e1ceres para que luzca siempre tan verde y bonito de manera sostenible con el medioambiente? Como... Leer m\u00e1s Leer m\u00e1s"}