{"version":"1.0","provider_name":"NATURALMENTE C\u00c1CERES","provider_url":"http:\/\/naturalmentecaceres.com","author_name":"Talher","author_url":"http:\/\/naturalmentecaceres.com\/index.php\/archivos\/author\/talher","title":"D\u00cdA MUNDIAL DE LAS ABEJAS - NATURALMENTE C\u00c1CERES","type":"rich","width":600,"height":338,"html":"<blockquote class=\"wp-embedded-content\" data-secret=\"eSDUk2Bs18\"><a href=\"http:\/\/naturalmentecaceres.com\/index.php\/archivos\/422\">D\u00cdA MUNDIAL DE LAS ABEJAS<\/a><\/blockquote><iframe sandbox=\"allow-scripts\" security=\"restricted\" src=\"http:\/\/naturalmentecaceres.com\/index.php\/archivos\/422\/embed#?secret=eSDUk2Bs18\" width=\"600\" height=\"338\" title=\"\u00abD\u00cdA MUNDIAL DE LAS ABEJAS\u00bb \u2014 NATURALMENTE C\u00c1CERES\" data-secret=\"eSDUk2Bs18\" frameborder=\"0\" marginwidth=\"0\" marginheight=\"0\" scrolling=\"no\" class=\"wp-embedded-content\"><\/iframe><script type=\"text\/javascript\">\n\/* <![CDATA[ *\/\n\/*! This file is auto-generated *\/\n!function(d,l){\"use strict\";l.querySelector&&d.addEventListener&&\"undefined\"!=typeof URL&&(d.wp=d.wp||{},d.wp.receiveEmbedMessage||(d.wp.receiveEmbedMessage=function(e){var t=e.data;if((t||t.secret||t.message||t.value)&&!\/[^a-zA-Z0-9]\/.test(t.secret)){for(var s,r,n,a=l.querySelectorAll('iframe[data-secret=\"'+t.secret+'\"]'),o=l.querySelectorAll('blockquote[data-secret=\"'+t.secret+'\"]'),c=new RegExp(\"^https?:$\",\"i\"),i=0;i<o.length;i++)o[i].style.display=\"none\";for(i=0;i<a.length;i++)s=a[i],e.source===s.contentWindow&&(s.removeAttribute(\"style\"),\"height\"===t.message?(1e3<(r=parseInt(t.value,10))?r=1e3:~~r<200&&(r=200),s.height=r):\"link\"===t.message&&(r=new URL(s.getAttribute(\"src\")),n=new URL(t.value),c.test(n.protocol))&&n.host===r.host&&l.activeElement===s&&(d.top.location.href=t.value))}},d.addEventListener(\"message\",d.wp.receiveEmbedMessage,!1),l.addEventListener(\"DOMContentLoaded\",function(){for(var e,t,s=l.querySelectorAll(\"iframe.wp-embedded-content\"),r=0;r<s.length;r++)(t=(e=s[r]).getAttribute(\"data-secret\"))||(t=Math.random().toString(36).substring(2,12),e.src+=\"#?secret=\"+t,e.setAttribute(\"data-secret\",t)),e.contentWindow.postMessage({message:\"ready\",secret:t},\"*\")},!1)))}(window,document);\n\/\/# sourceURL=http:\/\/naturalmentecaceres.com\/wp-includes\/js\/wp-embed.min.js\n\/* ]]> *\/\n<\/script>\n","description":"\u00a1Feliz D\u00eda Mundial de las Abejas! Desde Naturalmente C\u00e1ceres queremos celebrar este d\u00eda haciendo una serie de actividades para las familias cacere\u00f1as. Pero antes\u2026 \u00bfpor qu\u00e9 es tan importante este d\u00eda? En 2017, las Asamblea General de Naciones Unidas proclam\u00f3 el 20 de mayo como D\u00eda Mundial de las Abejas, fecha que coincide con el nacimiento de Anton Jan\u0161a, eslavo del siglo XVIII que fue pionero en aplicar t\u00e9cnicas de apicultura. Las abejas son muy importantes, al igual que las... Leer m\u00e1s Leer m\u00e1s","thumbnail_url":"http:\/\/naturalmentecaceres.com\/wp-content\/uploads\/2020\/05\/Abeja.jpg"}